{"id":79,"date":"2015-12-04T15:26:21","date_gmt":"2015-12-04T13:26:21","guid":{"rendered":"http:\/\/zalesikom.zdiar.eu\/?page_id=79"},"modified":"2020-01-10T11:22:08","modified_gmt":"2020-01-10T09:22:08","slug":"kontakty","status":"publish","type":"page","link":"https:\/\/zalesikom.zdiar.eu\/en\/kontakty\/","title":{"rendered":"Kontakty"},"content":{"rendered":"<p><div class=\"info-box-row clearfix\" id=\"info-box-row-89\">\n<div id=\"info-box-47\" class=\" ffs-five-one ffs-info-box center \" ><div class=\"ffs-icon-box\"><span class=\"ffs-icon-container\"><i class=\"fa fa-phone\" style=\"background-color:#905a20; color:#fff;\"><\/i><\/span><\/div><div class=\"ffs-content-box\"><div class=\"infobox-title\" style=\"text-align:center; font-size:20px; text-transform: uppercase; \">telefonicky<\/div><div class=\"infobox-text\"  style=\"text-align:center; \u201cfont-size:14px\u201d\" >+421 904 408 133 \u00a0 \u00a0+421 948 555 942<\/div><\/div><\/div>\n<div id=\"info-box-64\" class=\" ffs-five-one ffs-info-box center \" ><div class=\"ffs-icon-box\"><span class=\"ffs-icon-container\"><i class=\"fa fa-paper-plane\" style=\"background-color:#905a20; color:#fff;\"><\/i><\/span><\/div><div class=\"ffs-content-box\"><div class=\"infobox-title\" style=\"text-align:center; font-size:20px; text-transform: uppercase; \">e-mailom<\/div><div class=\"infobox-text\"  style=\"text-align:center; \u201cfont-size:14px\u201d\" >zalesikom@gmail.com<\/div><\/div><\/div>\n<div id=\"info-box-50\" class=\" ffs-five-one ffs-info-box center \" ><div class=\"ffs-icon-box\"><span class=\"ffs-icon-container\"><i class=\"fa fa-suitcase\" style=\"background-color:#905a20; color:#fff;\"><\/i><\/span><\/div><div class=\"ffs-content-box\"><div class=\"infobox-title\" style=\"text-align:center; font-size:20px; text-transform: uppercase; \">na adrese<\/div><div class=\"infobox-text\"  style=\"text-align:center; \u201cfont-size:14px\u201d\" >Obec\u00a0\u017ddiar 730<\/div><\/div><\/div>\n<div id=\"info-box-60\" class=\" ffs-five-one ffs-info-box center \" ><div class=\"ffs-icon-box\"><span class=\"ffs-icon-container\"><i class=\"fa fa-map-marker\" style=\"background-color:#905a20; color:#fff;\"><\/i><\/span><\/div><div class=\"ffs-content-box\"><div class=\"infobox-title\" style=\"text-align:center; font-size:20px; text-transform: uppercase; \">GPS<\/div><div class=\"infobox-text\"  style=\"text-align:center; \u201cfont-size:14px\u201d\" >N 49.2799;\nE 20.25814<\/div><\/div><\/div>\n<\/div><div class=\"clearfix\"><\/div><\/p>\n<p style=\"text-align: center;\">Obsadenos\u0165 apartm\u00e1nu<\/p>\n<p><iframe loading=\"lazy\" id=\"klnd\" style=\"width: 100%; max-width: 1200px; height: 555px; border: #e0e0e0 1px solid; overflow: hidden; display: block;\" src=\"http:\/\/www.1-2-3-ubytovanie.sk\/zalesikom\/kalendar2\/teraz\/responzivne\/?farba1=hsl(35, 46%, 59%)&amp;farba2=hsl(30, 49%, 48%)\" width=\"300\" height=\"150\" frameborder=\"0\" scrolling=\"no\"><\/iframe><br \/>\n<script src=\"http:\/\/www.1-2-3-ubytovanie.sk\/pages\/kalendar\/kalendar2.js\"><\/script><br \/>\n<a style=\"display: block; text-align: center; margin: 5px;\" title=\"Rezerva\u010dn\u00fd syst\u00e9m a kalend\u00e1r obsadenosti\" href=\"http:\/\/www.1-2-3-ubytovanie.sk\/rezervacny-system\">www.1-2-3-ubytovanie.sk<\/a><\/p>\n<h4>V kr\u00e1tkosti popis cesty k n\u00e1m:<\/h4>\n<div style=\"text-align: justify;\">\n<p>Obcou \u017ddiar v smere od Tatranskej Kotliny cca 5 min\u00a0hlavnou cestou,\u00a0asi po 3 km bude po pravej strane benz\u00ednov\u00e1 pumpa Slovnaft.<\/p>\n<\/div>\n<div><\/div>\n<div>\n<div id='gallery-4' class='gallery galleryid-79 gallery-columns-3 gallery-size-medium'><dl class='gallery-item'>\n\t\t\t<dt class='gallery-icon landscape'>\n\t\t\t\t<a href='https:\/\/zalesikom.zdiar.eu\/wp-content\/uploads\/2015\/12\/foto1-1024x768.jpg' title=\"Cesta obcou \u017ddiar\" data-rl_title=\"Cesta obcou \u017ddiar\" class=\"rl-gallery-link\" data-rl_caption=\"\" data-rel=\"lightbox-gallery-4\"><img loading=\"lazy\" decoding=\"async\" width=\"300\" height=\"225\" src=\"https:\/\/zalesikom.zdiar.eu\/wp-content\/uploads\/2015\/12\/foto1-300x225.jpg\" class=\"attachment-medium size-medium\" alt=\"\" srcset=\"https:\/\/zalesikom.zdiar.eu\/wp-content\/uploads\/2015\/12\/foto1-300x225.jpg 300w, https:\/\/zalesikom.zdiar.eu\/wp-content\/uploads\/2015\/12\/foto1-1024x768.jpg 1024w, https:\/\/zalesikom.zdiar.eu\/wp-content\/uploads\/2015\/12\/foto1.jpg 1800w\" sizes=\"auto, (max-width: 300px) 100vw, 300px\" \/><\/a>\n\t\t\t<\/dt><\/dl><dl class='gallery-item'>\n\t\t\t<dt class='gallery-icon landscape'>\n\t\t\t\t<a href='https:\/\/zalesikom.zdiar.eu\/wp-content\/uploads\/2015\/12\/foto2-1024x768.jpg' title=\"Za benz\u00ednovou pumpu odbo\u010d\u00edme doprava\" data-rl_title=\"Za benz\u00ednovou pumpu odbo\u010d\u00edme doprava\" class=\"rl-gallery-link\" data-rl_caption=\"\" data-rel=\"lightbox-gallery-4\"><img loading=\"lazy\" decoding=\"async\" width=\"300\" height=\"225\" src=\"https:\/\/zalesikom.zdiar.eu\/wp-content\/uploads\/2015\/12\/foto2-300x225.jpg\" class=\"attachment-medium size-medium\" alt=\"\" srcset=\"https:\/\/zalesikom.zdiar.eu\/wp-content\/uploads\/2015\/12\/foto2-300x225.jpg 300w, https:\/\/zalesikom.zdiar.eu\/wp-content\/uploads\/2015\/12\/foto2-1024x768.jpg 1024w, https:\/\/zalesikom.zdiar.eu\/wp-content\/uploads\/2015\/12\/foto2.jpg 1800w\" sizes=\"auto, (max-width: 300px) 100vw, 300px\" \/><\/a>\n\t\t\t<\/dt><\/dl>\n\t\t\t<br style='clear: both' \/>\n\t\t<\/div>\n\n<\/div>\n<div style=\"text-align: justify;\"><\/div>\n<div style=\"text-align: justify;\">\n<p>Nasleduje\u00a0odbo\u010dka do centra obce &#8211; je to aj zna\u010den\u00fd zjazd na Pol\u00edciu, Obecn\u00fd \u00farad.\u00a0Na kruhovom objazde &#8211; druh\u00fd v\u00fdjazd &#8211; smer Vy\u0161n\u00fd koniec, popod \u017elt\u00fd kostol.\u00a0Cesta p\u00f4jde po asi 300 m mierne z kop\u010deka, na\u013eavo bude rodinn\u00fd dom s \u010dervenou strechou, \u010d\u00edslo 313, s cestn\u00fdm zrkadlom a presne oproti t\u00fdmto objektom bud\u00fa na pravej strane 2 samostatne stojace gar\u00e1\u017ee, popri ktor\u00fdch vedie spevnen\u00e1 cesta k n\u00e1m.<\/p>\n<\/div>\n<div><\/div>\n<div><\/div>\n<div>\n<div id='gallery-5' class='gallery galleryid-79 gallery-columns-2 gallery-size-medium'><dl class='gallery-item'>\n\t\t\t<dt class='gallery-icon landscape'>\n\t\t\t\t<a href='https:\/\/zalesikom.zdiar.eu\/wp-content\/uploads\/2015\/12\/foto3-1024x768.jpg' title=\"Na kr\u00fahovom objadze - smerom popod kostol\" data-rl_title=\"Na kr\u00fahovom objadze - smerom popod kostol\" class=\"rl-gallery-link\" data-rl_caption=\"\" data-rel=\"lightbox-gallery-5\"><img loading=\"lazy\" decoding=\"async\" width=\"300\" height=\"225\" src=\"https:\/\/zalesikom.zdiar.eu\/wp-content\/uploads\/2015\/12\/foto3-300x225.jpg\" class=\"attachment-medium size-medium\" alt=\"\" srcset=\"https:\/\/zalesikom.zdiar.eu\/wp-content\/uploads\/2015\/12\/foto3-300x225.jpg 300w, https:\/\/zalesikom.zdiar.eu\/wp-content\/uploads\/2015\/12\/foto3-1024x768.jpg 1024w, https:\/\/zalesikom.zdiar.eu\/wp-content\/uploads\/2015\/12\/foto3.jpg 1800w\" sizes=\"auto, (max-width: 300px) 100vw, 300px\" \/><\/a>\n\t\t\t<\/dt><\/dl><dl class='gallery-item'>\n\t\t\t<dt class='gallery-icon landscape'>\n\t\t\t\t<a href='https:\/\/zalesikom.zdiar.eu\/wp-content\/uploads\/2015\/12\/foto4-1024x768.jpg' title=\"Odbo\u010d\u00edme doprava\" data-rl_title=\"Odbo\u010d\u00edme doprava\" class=\"rl-gallery-link\" data-rl_caption=\"\" data-rel=\"lightbox-gallery-5\"><img loading=\"lazy\" decoding=\"async\" width=\"300\" height=\"225\" src=\"https:\/\/zalesikom.zdiar.eu\/wp-content\/uploads\/2015\/12\/foto4-300x225.jpg\" class=\"attachment-medium size-medium\" alt=\"\" srcset=\"https:\/\/zalesikom.zdiar.eu\/wp-content\/uploads\/2015\/12\/foto4-300x225.jpg 300w, https:\/\/zalesikom.zdiar.eu\/wp-content\/uploads\/2015\/12\/foto4-1024x768.jpg 1024w, https:\/\/zalesikom.zdiar.eu\/wp-content\/uploads\/2015\/12\/foto4.jpg 1800w\" sizes=\"auto, (max-width: 300px) 100vw, 300px\" \/><\/a>\n\t\t\t<\/dt><\/dl><br style=\"clear: both\" \/>\n\t\t<\/div>\n\n<\/div>\n<div><\/div>\n<div><\/div>\n<div style=\"text-align: justify;\">Lesnou spevnenou cesti\u010dkou (tu u\u017e autom tro\u0161i\u010dku pomal\u0161ie :-)) miniete dreven\u00fa br\u00e1ni\u010dku s bielou schr\u00e1nkou, ste spr\u00e1vne&#8230; kr\u00e1tko cez les\u00edk a na konci je vidie\u0165 \u017elt\u00fd objekt.<\/div>\n<div><\/div>\n<div><\/div>\n<div id='gallery-6' class='gallery galleryid-79 gallery-columns-4 gallery-size-medium'><dl class='gallery-item'>\n\t\t\t<dt class='gallery-icon landscape'>\n\t\t\t\t<a href='https:\/\/zalesikom.zdiar.eu\/wp-content\/uploads\/2015\/12\/foto5-1024x768.jpg' title=\"\" data-rl_title=\"\" class=\"rl-gallery-link\" data-rl_caption=\"\" data-rel=\"lightbox-gallery-6\"><img loading=\"lazy\" decoding=\"async\" width=\"300\" height=\"225\" src=\"https:\/\/zalesikom.zdiar.eu\/wp-content\/uploads\/2015\/12\/foto5-300x225.jpg\" class=\"attachment-medium size-medium\" alt=\"\" srcset=\"https:\/\/zalesikom.zdiar.eu\/wp-content\/uploads\/2015\/12\/foto5-300x225.jpg 300w, https:\/\/zalesikom.zdiar.eu\/wp-content\/uploads\/2015\/12\/foto5-1024x768.jpg 1024w, https:\/\/zalesikom.zdiar.eu\/wp-content\/uploads\/2015\/12\/foto5.jpg 1800w\" sizes=\"auto, (max-width: 300px) 100vw, 300px\" \/><\/a>\n\t\t\t<\/dt><\/dl><dl class='gallery-item'>\n\t\t\t<dt class='gallery-icon landscape'>\n\t\t\t\t<a href='https:\/\/zalesikom.zdiar.eu\/wp-content\/uploads\/2015\/11\/P1170108-1024x768.jpg' title=\"\" data-rl_title=\"\" class=\"rl-gallery-link\" data-rl_caption=\"\" data-rel=\"lightbox-gallery-6\"><img loading=\"lazy\" decoding=\"async\" width=\"300\" height=\"225\" src=\"https:\/\/zalesikom.zdiar.eu\/wp-content\/uploads\/2015\/11\/P1170108-300x225.jpg\" class=\"attachment-medium size-medium\" alt=\"\" srcset=\"https:\/\/zalesikom.zdiar.eu\/wp-content\/uploads\/2015\/11\/P1170108-300x225.jpg 300w, https:\/\/zalesikom.zdiar.eu\/wp-content\/uploads\/2015\/11\/P1170108-1024x768.jpg 1024w\" sizes=\"auto, (max-width: 300px) 100vw, 300px\" \/><\/a>\n\t\t\t<\/dt><\/dl><dl class='gallery-item'>\n\t\t\t<dt class='gallery-icon landscape'>\n\t\t\t\t<a href='https:\/\/zalesikom.zdiar.eu\/wp-content\/uploads\/2015\/12\/P1170107-1024x768.jpg' title=\"\" data-rl_title=\"\" class=\"rl-gallery-link\" data-rl_caption=\"\" data-rel=\"lightbox-gallery-6\"><img loading=\"lazy\" decoding=\"async\" width=\"300\" height=\"225\" src=\"https:\/\/zalesikom.zdiar.eu\/wp-content\/uploads\/2015\/12\/P1170107-300x225.jpg\" class=\"attachment-medium size-medium\" alt=\"\" srcset=\"https:\/\/zalesikom.zdiar.eu\/wp-content\/uploads\/2015\/12\/P1170107-300x225.jpg 300w, https:\/\/zalesikom.zdiar.eu\/wp-content\/uploads\/2015\/12\/P1170107-1024x768.jpg 1024w\" sizes=\"auto, (max-width: 300px) 100vw, 300px\" \/><\/a>\n\t\t\t<\/dt><\/dl><dl class='gallery-item'>\n\t\t\t<dt class='gallery-icon landscape'>\n\t\t\t\t<a href='https:\/\/zalesikom.zdiar.eu\/wp-content\/uploads\/2015\/12\/P1170104-1024x768.jpg' title=\"\" data-rl_title=\"\" class=\"rl-gallery-link\" data-rl_caption=\"\" data-rel=\"lightbox-gallery-6\"><img loading=\"lazy\" decoding=\"async\" width=\"300\" height=\"225\" src=\"https:\/\/zalesikom.zdiar.eu\/wp-content\/uploads\/2015\/12\/P1170104-300x225.jpg\" class=\"attachment-medium size-medium\" alt=\"\" srcset=\"https:\/\/zalesikom.zdiar.eu\/wp-content\/uploads\/2015\/12\/P1170104-300x225.jpg 300w, https:\/\/zalesikom.zdiar.eu\/wp-content\/uploads\/2015\/12\/P1170104-1024x768.jpg 1024w\" sizes=\"auto, (max-width: 300px) 100vw, 300px\" \/><\/a>\n\t\t\t<\/dt><\/dl><br style=\"clear: both\" \/>\n\t\t<\/div>\n\n<h4>Vitajte u n\u00e1s !!!<\/h4>\n<p><\/p>","protected":false},"excerpt":{"rendered":"<p>Obsadenos\u0165 apartm\u00e1nu www.1-2-3-ubytovanie.sk V kr\u00e1tkosti popis cesty k n\u00e1m: Obcou \u017ddiar v smere od Tatranskej Kotliny cca 5 min\u00a0hlavnou cestou,\u00a0asi po 3 km bude po pravej strane benz\u00ednov\u00e1 pumpa Slovnaft. Nasleduje\u00a0odbo\u010dka do centra obce &#8211; je to aj zna\u010den\u00fd zjazd na Pol\u00edciu, Obecn\u00fd \u00farad.\u00a0Na kruhovom objazde &#8211; druh\u00fd v\u00fdjazd &#8211; smer Vy\u0161n\u00fd koniec, popod \u017elt\u00fd [&hellip;]<\/p>\n","protected":false},"author":1,"featured_media":0,"parent":0,"menu_order":0,"comment_status":"closed","ping_status":"closed","template":"","meta":{"footnotes":""},"class_list":["post-79","page","type-page","status-publish","hentry"],"_links":{"self":[{"href":"https:\/\/zalesikom.zdiar.eu\/en\/wp-json\/wp\/v2\/pages\/79","targetHints":{"allow":["GET"]}}],"collection":[{"href":"https:\/\/zalesikom.zdiar.eu\/en\/wp-json\/wp\/v2\/pages"}],"about":[{"href":"https:\/\/zalesikom.zdiar.eu\/en\/wp-json\/wp\/v2\/types\/page"}],"author":[{"embeddable":true,"href":"https:\/\/zalesikom.zdiar.eu\/en\/wp-json\/wp\/v2\/users\/1"}],"replies":[{"embeddable":true,"href":"https:\/\/zalesikom.zdiar.eu\/en\/wp-json\/wp\/v2\/comments?post=79"}],"version-history":[{"count":57,"href":"https:\/\/zalesikom.zdiar.eu\/en\/wp-json\/wp\/v2\/pages\/79\/revisions"}],"predecessor-version":[{"id":635,"href":"https:\/\/zalesikom.zdiar.eu\/en\/wp-json\/wp\/v2\/pages\/79\/revisions\/635"}],"wp:attachment":[{"href":"https:\/\/zalesikom.zdiar.eu\/en\/wp-json\/wp\/v2\/media?parent=79"}],"curies":[{"name":"wp","href":"https:\/\/api.w.org\/{rel}","templated":true}]}}