{"id":73,"date":"2015-12-04T15:25:02","date_gmt":"2015-12-04T13:25:02","guid":{"rendered":"http:\/\/zalesikom.zdiar.eu\/?page_id=73"},"modified":"2021-07-06T11:10:35","modified_gmt":"2021-07-06T09:10:35","slug":"apartman","status":"publish","type":"page","link":"https:\/\/zalesikom.zdiar.eu\/en\/apartman\/","title":{"rendered":"Apartm\u00e1n"},"content":{"rendered":"<p><\/p>\n<h4><img loading=\"lazy\" decoding=\"async\" class=\"alignright wp-image-115 size-full\" src=\"http:\/\/zalesikom.zdiar.eu\/wp-content\/uploads\/2015\/12\/apartman_obr1.jpg\" alt=\"apartman_obr1\" width=\"540\" height=\"300\" srcset=\"https:\/\/zalesikom.zdiar.eu\/wp-content\/uploads\/2015\/12\/apartman_obr1.jpg 540w, https:\/\/zalesikom.zdiar.eu\/wp-content\/uploads\/2015\/12\/apartman_obr1-300x167.jpg 300w\" sizes=\"auto, (max-width: 540px) 100vw, 540px\" \/>Pon\u00fakame V\u00e1m ubytovanie <strong>v peknom tichom prostred\u00ed<\/strong> v centr\u00e1lnej \u010dasti \u017ddiaru, ktor\u00e9 od ruchu obce odde\u013euje neve\u013ek\u00fd les\u00edk a mal\u00fd pot\u00f4\u010dik.<\/h4>\n<p style=\"text-align: justify;\"><strong>Rodinn\u00fd apartm\u00e1n&nbsp;pre max. 5 &nbsp;os\u00f4b<\/strong>&nbsp;je dvojpodla\u017en\u00fd a m\u00e1&nbsp;samostatn\u00fd vchod zo severnej strany n\u00e1\u0161ho rodinn\u00e9ho domu.<\/p>\n<p style=\"text-align: justify;\"><strong>Pr\u00edzemie tvor\u00ed z\u00e1dverie<\/strong> (vhodn\u00e9 i na odkladanie bicyklov, &nbsp;ly\u017e\u00ed, pr\u00edpadne ko\u010diarika, \u010di s\u00e1nok) a <strong>hala roz\u010dlenen\u00e1 na &nbsp;kuchy\u0148u, &nbsp;jed\u00e1lensk\u00fa \u010das\u0165, priestor na hranie a ob\u00fdvac\u00ed k\u00fat<\/strong> s LCD obrazovkou s pripojen\u00edm na internet a satelit. Wifi pripojenie je v celom apartm\u00e1ne.<\/p>\n<p style=\"text-align: justify;\">Kuchy\u0148a je vybaven\u00e1 plynov\u00fdm spor\u00e1kom, mikrovlnkou, r\u00fdchlovarnou konvicou &nbsp;a samozrejme riadom a &nbsp;r\u00f4znymi kuchynsk\u00fdmi pom\u00f4ckami.<\/p>\n<p style=\"text-align: justify;\">Pre deti a hrav\u00fdch dospel\u00fdch tu je k dipoz\u00edcii hrac\u00ed st\u00f4l s minibiliardom, stoln\u00fdm futbalom, stoln\u00fdm hokejom a \u010fal\u0161\u00edmi hrami.<\/p>\n<p style=\"text-align: justify;\">Na poschodie k dvom izb\u00e1m s vlastn\u00fdmi k\u00fape\u013e\u0148ami vedie to\u010dit\u00e9 schodisko. <strong>&nbsp;Rodi\u010dovsk\u00e1 sp\u00e1l\u0148a<\/strong> je zariaden\u00e1 man\u017eelskou poste\u013eou (k nej je mo\u017en\u00e9 na po\u017eiadanie doda\u0165 detsk\u00fa postie\u013eku), no\u010dn\u00fdmi stol\u00edkmi, skri\u0148ou a komodou.&nbsp;<strong>Detsk\u00e1 sp\u00e1l\u0148a<\/strong> m\u00e1 tri postele s no\u010dn\u00fdmi stol\u00edkmi &nbsp;a &nbsp;jednu skri\u0148u. K\u00fapelne pri oboch sp\u00e1l\u0148ach s\u00fa vybaven\u00e9 WC, sprchou a um\u00fdvadlom.<\/p>\n<p style=\"text-align: justify;\">K apartm\u00e1nu&nbsp;patr\u00ed aj <strong>mal\u00e9 posedenie pri vchode a v\u00e4\u010d\u0161ie terasov\u00e9 posedenie<\/strong> s pekn\u00fdm v\u00fdh\u013eadom na Belianske Tatry s mo\u017enos\u0165ou grilovania.<\/p>\n<p style=\"text-align: justify;\"><strong>Novinkou<\/strong> je mo\u017enos\u0165 vyu\u017eitia novej malej \u00fatulnej <strong><span style=\"color: #823030;\"><a style=\"color: #823030;\" href=\"http:\/\/zalesikom.zdiar.eu\/wp-content\/uploads\/2015\/12\/sauna_web.jpg\" target=\"_blank\" rel=\"noopener\" data-rel=\"lightbox-gallery-QnLbf3ZT\" data-rl_title=\"\" data-rl_caption=\"\" title=\"\">oddychovej miestnosti s infrasaunou<\/a><\/span><\/strong>, ktor\u00e1 sa nach\u00e1dza na pr\u00edzem\u00ed apartm\u00e1nu a na po\u017eiadanie V\u00e1m ju za poplatok spr\u00edstupn\u00edme. Pri pobytoch na 5 a viac noc\u00ed jeden <strong>vstup do infrasauny zdarma<\/strong>.<\/p>\n<h4 style=\"text-align: justify;\"><strong>Cena ubytovania (apartm\u00e1n\/noc)<\/strong><\/h4>\n<ul>\n<li style=\"text-align: justify;\">\n<h4>60 \u20ac<\/h4>\n<\/li>\n<li style=\"text-align: justify;\">\n<h4>70 \u20ac v term\u00edne od 22.12.2017 do 7.1.2018<\/h4>\n<\/li>\n<li style=\"text-align: justify;\">\n<h4>op\u00fdtajte sa n\u00e1s aj na&nbsp;individu\u00e1lne ceny z\u00e1visl\u00e9 od&nbsp;po\u010dtu dospel\u00fdch os\u00f4b, od veku a po\u010dtu det\u00ed a pod. &nbsp;\ud83d\ude09<\/h4>\n<\/li>\n<\/ul>\n<div id='gallery-4' class='gallery galleryid-73 gallery-columns-3 gallery-size-medium'><dl class='gallery-item'>\n\t\t\t<dt class='gallery-icon landscape'>\n\t\t\t\t<a href='https:\/\/zalesikom.zdiar.eu\/wp-content\/uploads\/2015\/12\/apartman_kuchyna-1024x768.jpg' title=\"Kuchynsk\u00fd k\u00fat s jed\u00e1lensk\u00fdm stolom\" data-rl_title=\"Kuchynsk\u00fd k\u00fat s jed\u00e1lensk\u00fdm stolom\" class=\"rl-gallery-link\" data-rl_caption=\"\" data-rel=\"lightbox-gallery-4\"><img loading=\"lazy\" decoding=\"async\" width=\"300\" height=\"225\" src=\"https:\/\/zalesikom.zdiar.eu\/wp-content\/uploads\/2015\/12\/apartman_kuchyna-300x225.jpg\" class=\"attachment-medium size-medium\" alt=\"\" aria-describedby=\"gallery-4-120\" srcset=\"https:\/\/zalesikom.zdiar.eu\/wp-content\/uploads\/2015\/12\/apartman_kuchyna-300x225.jpg 300w, https:\/\/zalesikom.zdiar.eu\/wp-content\/uploads\/2015\/12\/apartman_kuchyna-1024x768.jpg 1024w, https:\/\/zalesikom.zdiar.eu\/wp-content\/uploads\/2015\/12\/apartman_kuchyna.jpg 1600w\" sizes=\"auto, (max-width: 300px) 100vw, 300px\" \/><\/a>\n\t\t\t<\/dt>\n\t\t\t\t<dd class='wp-caption-text gallery-caption' id='gallery-4-120'>\n\t\t\t\tKuchynsk\u00fd k\u00fat s jed\u00e1lensk\u00fdm stolom\n\t\t\t\t<\/dd><\/dl><dl class='gallery-item'>\n\t\t\t<dt class='gallery-icon landscape'>\n\t\t\t\t<a href='https:\/\/zalesikom.zdiar.eu\/wp-content\/uploads\/2015\/12\/apartman_obyvacka-1024x768.jpg' title=\"Ob\u00fdvacia miestnos\u0165 s TV\/SAT\" data-rl_title=\"Ob\u00fdvacia miestnos\u0165 s TV\/SAT\" class=\"rl-gallery-link\" data-rl_caption=\"\" data-rel=\"lightbox-gallery-4\"><img loading=\"lazy\" decoding=\"async\" width=\"300\" height=\"225\" src=\"https:\/\/zalesikom.zdiar.eu\/wp-content\/uploads\/2015\/12\/apartman_obyvacka-300x225.jpg\" class=\"attachment-medium size-medium\" alt=\"\" aria-describedby=\"gallery-4-137\" srcset=\"https:\/\/zalesikom.zdiar.eu\/wp-content\/uploads\/2015\/12\/apartman_obyvacka-300x225.jpg 300w, https:\/\/zalesikom.zdiar.eu\/wp-content\/uploads\/2015\/12\/apartman_obyvacka-1024x768.jpg 1024w, https:\/\/zalesikom.zdiar.eu\/wp-content\/uploads\/2015\/12\/apartman_obyvacka.jpg 1600w\" sizes=\"auto, (max-width: 300px) 100vw, 300px\" \/><\/a>\n\t\t\t<\/dt>\n\t\t\t\t<dd class='wp-caption-text gallery-caption' id='gallery-4-137'>\n\t\t\t\tOb\u00fdvacia miestnos\u0165\n\t\t\t\t<\/dd><\/dl><dl class='gallery-item'>\n\t\t\t<dt class='gallery-icon landscape'>\n\t\t\t\t<a href='https:\/\/zalesikom.zdiar.eu\/wp-content\/uploads\/2015\/12\/apartman_spalna-1024x768.jpg' title=\"Sp\u00e1l\u0148a s man\u017eelskou poste\u013eou\" data-rl_title=\"Sp\u00e1l\u0148a s man\u017eelskou poste\u013eou\" class=\"rl-gallery-link\" data-rl_caption=\"\" data-rel=\"lightbox-gallery-4\"><img loading=\"lazy\" decoding=\"async\" width=\"300\" height=\"225\" src=\"https:\/\/zalesikom.zdiar.eu\/wp-content\/uploads\/2015\/12\/apartman_spalna-300x225.jpg\" class=\"attachment-medium size-medium\" alt=\"\" aria-describedby=\"gallery-4-121\" srcset=\"https:\/\/zalesikom.zdiar.eu\/wp-content\/uploads\/2015\/12\/apartman_spalna-300x225.jpg 300w, https:\/\/zalesikom.zdiar.eu\/wp-content\/uploads\/2015\/12\/apartman_spalna-1024x768.jpg 1024w, https:\/\/zalesikom.zdiar.eu\/wp-content\/uploads\/2015\/12\/apartman_spalna.jpg 1600w\" sizes=\"auto, (max-width: 300px) 100vw, 300px\" \/><\/a>\n\t\t\t<\/dt>\n\t\t\t\t<dd class='wp-caption-text gallery-caption' id='gallery-4-121'>\n\t\t\t\t2-l\u00f4\u017ekov\u00e1 izba\n\t\t\t\t<\/dd><\/dl><br style=\"clear: both\" \/><dl class='gallery-item'>\n\t\t\t<dt class='gallery-icon landscape'>\n\t\t\t\t<a href='https:\/\/zalesikom.zdiar.eu\/wp-content\/uploads\/2015\/12\/apartman_spalna2-1024x768.jpg' title=\"2-l\u00f4\u017ekov\u00e1 izba\" data-rl_title=\"2-l\u00f4\u017ekov\u00e1 izba\" class=\"rl-gallery-link\" data-rl_caption=\"\" data-rel=\"lightbox-gallery-4\"><img loading=\"lazy\" decoding=\"async\" width=\"300\" height=\"225\" src=\"https:\/\/zalesikom.zdiar.eu\/wp-content\/uploads\/2015\/12\/apartman_spalna2-300x225.jpg\" class=\"attachment-medium size-medium\" alt=\"\" aria-describedby=\"gallery-4-139\" srcset=\"https:\/\/zalesikom.zdiar.eu\/wp-content\/uploads\/2015\/12\/apartman_spalna2-300x225.jpg 300w, https:\/\/zalesikom.zdiar.eu\/wp-content\/uploads\/2015\/12\/apartman_spalna2-1024x768.jpg 1024w, https:\/\/zalesikom.zdiar.eu\/wp-content\/uploads\/2015\/12\/apartman_spalna2.jpg 1600w\" sizes=\"auto, (max-width: 300px) 100vw, 300px\" \/><\/a>\n\t\t\t<\/dt>\n\t\t\t\t<dd class='wp-caption-text gallery-caption' id='gallery-4-139'>\n\t\t\t\t2-l\u00f4\u017ekov\u00e1 izba\n\t\t\t\t<\/dd><\/dl><dl class='gallery-item'>\n\t\t\t<dt class='gallery-icon landscape'>\n\t\t\t\t<a href='https:\/\/zalesikom.zdiar.eu\/wp-content\/uploads\/2015\/12\/apartman_detska-1024x768.jpg' title=\"3-l\u00f4\u017ekov\u00e1 izba\" data-rl_title=\"3-l\u00f4\u017ekov\u00e1 izba\" class=\"rl-gallery-link\" data-rl_caption=\"\" data-rel=\"lightbox-gallery-4\"><img loading=\"lazy\" decoding=\"async\" width=\"300\" height=\"225\" src=\"https:\/\/zalesikom.zdiar.eu\/wp-content\/uploads\/2015\/12\/apartman_detska-300x225.jpg\" class=\"attachment-medium size-medium\" alt=\"\" aria-describedby=\"gallery-4-119\" srcset=\"https:\/\/zalesikom.zdiar.eu\/wp-content\/uploads\/2015\/12\/apartman_detska-300x225.jpg 300w, https:\/\/zalesikom.zdiar.eu\/wp-content\/uploads\/2015\/12\/apartman_detska-1024x768.jpg 1024w, https:\/\/zalesikom.zdiar.eu\/wp-content\/uploads\/2015\/12\/apartman_detska.jpg 1600w\" sizes=\"auto, (max-width: 300px) 100vw, 300px\" \/><\/a>\n\t\t\t<\/dt>\n\t\t\t\t<dd class='wp-caption-text gallery-caption' id='gallery-4-119'>\n\t\t\t\t3-l\u00f4\u017ekov\u00e1 izba\n\t\t\t\t<\/dd><\/dl><dl class='gallery-item'>\n\t\t\t<dt class='gallery-icon landscape'>\n\t\t\t\t<a href='https:\/\/zalesikom.zdiar.eu\/wp-content\/uploads\/2015\/12\/apartman_detska2-1024x768.jpg' title=\"3-l\u00f4\u017ekov\u00e1 izba\" data-rl_title=\"3-l\u00f4\u017ekov\u00e1 izba\" class=\"rl-gallery-link\" data-rl_caption=\"\" data-rel=\"lightbox-gallery-4\"><img loading=\"lazy\" decoding=\"async\" width=\"300\" height=\"225\" src=\"https:\/\/zalesikom.zdiar.eu\/wp-content\/uploads\/2015\/12\/apartman_detska2-300x225.jpg\" class=\"attachment-medium size-medium\" alt=\"\" aria-describedby=\"gallery-4-135\" srcset=\"https:\/\/zalesikom.zdiar.eu\/wp-content\/uploads\/2015\/12\/apartman_detska2-300x225.jpg 300w, https:\/\/zalesikom.zdiar.eu\/wp-content\/uploads\/2015\/12\/apartman_detska2-1024x768.jpg 1024w, https:\/\/zalesikom.zdiar.eu\/wp-content\/uploads\/2015\/12\/apartman_detska2.jpg 1600w\" sizes=\"auto, (max-width: 300px) 100vw, 300px\" \/><\/a>\n\t\t\t<\/dt>\n\t\t\t\t<dd class='wp-caption-text gallery-caption' id='gallery-4-135'>\n\t\t\t\t3-l\u00f4\u017ekov\u00e1 izba\n\t\t\t\t<\/dd><\/dl><br style=\"clear: both\" \/>\n\t\t<\/div>\n\n<span class=\"ffs-bs\"><a href=\"http:\/\/zalesikom.zdiar.eu\/fotogaleria\" class=\"btn btn-small btn-primary \" style=\"color:#fff;\" ><span class=\"ffs-icon-container left\"><i class=\"fa fa-camera\"><\/i><\/span>viac vo fotogal\u00e9rii<\/a><\/span>\n<h4>Te\u0161\u00edme sa na Va\u0161u n\u00e1v\u0161tevu!<\/h4>\n<p><\/p>","protected":false},"excerpt":{"rendered":"<p>Pon\u00fakame V\u00e1m ubytovanie v peknom tichom prostred\u00ed v centr\u00e1lnej \u010dasti \u017ddiaru, ktor\u00e9 od ruchu obce odde\u013euje neve\u013ek\u00fd les\u00edk a mal\u00fd pot\u00f4\u010dik. Rodinn\u00fd apartm\u00e1n&nbsp;pre max. 5 &nbsp;os\u00f4b&nbsp;je dvojpodla\u017en\u00fd a m\u00e1&nbsp;samostatn\u00fd vchod zo severnej strany n\u00e1\u0161ho rodinn\u00e9ho domu. Pr\u00edzemie tvor\u00ed z\u00e1dverie (vhodn\u00e9 i na odkladanie bicyklov, &nbsp;ly\u017e\u00ed, pr\u00edpadne ko\u010diarika, \u010di s\u00e1nok) a hala roz\u010dlenen\u00e1 na &nbsp;kuchy\u0148u, &nbsp;jed\u00e1lensk\u00fa [&hellip;]<\/p>\n","protected":false},"author":1,"featured_media":0,"parent":0,"menu_order":0,"comment_status":"closed","ping_status":"closed","template":"","meta":{"footnotes":""},"class_list":["post-73","page","type-page","status-publish","hentry"],"_links":{"self":[{"href":"https:\/\/zalesikom.zdiar.eu\/en\/wp-json\/wp\/v2\/pages\/73","targetHints":{"allow":["GET"]}}],"collection":[{"href":"https:\/\/zalesikom.zdiar.eu\/en\/wp-json\/wp\/v2\/pages"}],"about":[{"href":"https:\/\/zalesikom.zdiar.eu\/en\/wp-json\/wp\/v2\/types\/page"}],"author":[{"embeddable":true,"href":"https:\/\/zalesikom.zdiar.eu\/en\/wp-json\/wp\/v2\/users\/1"}],"replies":[{"embeddable":true,"href":"https:\/\/zalesikom.zdiar.eu\/en\/wp-json\/wp\/v2\/comments?post=73"}],"version-history":[{"count":64,"href":"https:\/\/zalesikom.zdiar.eu\/en\/wp-json\/wp\/v2\/pages\/73\/revisions"}],"predecessor-version":[{"id":653,"href":"https:\/\/zalesikom.zdiar.eu\/en\/wp-json\/wp\/v2\/pages\/73\/revisions\/653"}],"wp:attachment":[{"href":"https:\/\/zalesikom.zdiar.eu\/en\/wp-json\/wp\/v2\/media?parent=73"}],"curies":[{"name":"wp","href":"https:\/\/api.w.org\/{rel}","templated":true}]}}